{"id":460,"date":"2018-10-19T11:07:13","date_gmt":"2018-10-19T09:07:13","guid":{"rendered":"https:\/\/orchestras.eu\/cz\/?page_id=460"},"modified":"2019-02-05T12:48:30","modified_gmt":"2019-02-05T11:48:30","slug":"opera-praha-koncert-operni-gala","status":"publish","type":"page","link":"https:\/\/orchestras.eu\/cz\/opera-praha-koncert-operni-gala\/","title":{"rendered":"Opern\u00ed galakoncert. Verdi, Bizet, Puccini. S\u00f3list\u00e9 Velk\u00e9ho divadla."},"content":{"rendered":"<p><a href=\"https:\/\/orchestras.eu\/cz\/vstupenky\/\" data-elementor-open-lightbox=\"\"><br \/>\n\t\t\t\t\t\t\t<img loading=\"lazy\" decoding=\"async\" width=\"1285\" height=\"532\" src=\"https:\/\/orchestras.eu\/cz\/wp-content\/uploads\/2018\/10\/opera-gala-small.jpg\" alt=\"Operni Gala Koncert Rudolfinum\" srcset=\"https:\/\/orchestras.eu\/cz\/wp-content\/uploads\/2018\/10\/opera-gala-small.jpg 1285w, https:\/\/orchestras.eu\/cz\/wp-content\/uploads\/2018\/10\/opera-gala-small-300x124.jpg 300w, https:\/\/orchestras.eu\/cz\/wp-content\/uploads\/2018\/10\/opera-gala-small-768x318.jpg 768w, https:\/\/orchestras.eu\/cz\/wp-content\/uploads\/2018\/10\/opera-gala-small-1024x424.jpg 1024w\" sizes=\"auto, (max-width: 1285px) 100vw, 1285px\" \/>\t\t\t\t\t\t\t\t<\/a><\/p>\n<h5>Opern\u00ed Galakoncert.<br \/>\nPerly sv\u011btov\u00e9 opery v Rudolfinu.<br \/>\nG. Verdi, G. Puccini, P. Mascagni, G. Bizet.<\/h5>\n<p>PRAHA, RUDOLFINUM &#8211; 05.02.2019 &#8211; 19:30<\/p>\n<figure><img decoding=\"async\" src=\"https:\/\/orchestras.eu\/cz\/wp-content\/uploads\/2018\/12\/logo-ticketstream.jpg\" alt=\"logo-ticketstream\" \/><\/figure>\n<figure><img decoding=\"async\" src=\"https:\/\/orchestras.eu\/cz\/wp-content\/uploads\/2018\/12\/Colosseum_logo_na_tmave_pozadi-2.png\" alt=\"Colosseum_logo_na_tmave_pozadi-2\" \/><\/figure>\n<figure><img decoding=\"async\" src=\"https:\/\/orchestras.eu\/cz\/wp-content\/uploads\/2018\/12\/tmlogo_blue.png\" alt=\"tmlogo_blue\" \/><\/figure>\n<figure><img decoding=\"async\" src=\"https:\/\/orchestras.eu\/cz\/wp-content\/uploads\/2018\/06\/bpo_logo-1024x683.png\" alt=\"bpo_logo-1024x683\" \/><\/figure>\n<p>Vstupenky m\u016f\u017eete zakoupit v pokladn\u011b Rudolfina<\/p>\n<h2>Rudolfinum v \u017e\u00e1ru sv\u011btov\u00e9 opery.<\/h2>\n<p>Pra\u017esk\u00e9 Rudolfinum se zahal\u00ed do t\u00f3n\u016f t\u011bch nejslavn\u011bj\u0161\u00edch \u00e1ri\u00ed a duet\u016f od opravdov\u00fdch velik\u00e1n\u016f opern\u00edho \u017e\u00e1nru \u2013\u00a0Puccini,\u00a0Verdi,\u00a0\u00a0\u00a0Bizetaa a\u00a0Mascagni, a to u\u017e 5. \u00fanora 2019. Veronika Dzhioeva a Eduard Martynyuk je p\u0159edvedou za doprovodu Moravsk\u00e9 filharmonie Olomouc.\u00a0<\/p>\n<p>V\u00edt\u011bzka rusk\u00e9 televizn\u00ed sout\u011b\u017ee &#8222;Velk\u00e1 opera&#8220;, slavn\u00e9 sout\u011b\u017ee Maria Callas Grand Prix (2005), Ct\u011bn\u00e1 um\u011blkyn\u011b Ruska Veronika Dzhioev\u00e1 z\u00e1\u0159\u00ed na p\u00f3diu Velk\u00e9ho divadla v Moskv\u011b, Mariinsk\u00e9ho divadla v Sankt Pet\u011brburgu, a\u00a0 Novosibi\u0159sk\u00e9ho divadla opery a baletu. \u00dachvatn\u00e1 sopranistka ovl\u00e1dla srdce milovn\u00edk\u016f opern\u00edho zp\u011bvu nejen v Rusku, skl\u00edz\u00ed ovace ve velk\u00fdch sv\u011btov\u00fdch opern\u00edch domech v Z\u00fcrichu, Hamburku, Houstonu, Tokyu, Helsink\u00e1ch, a tak\u00e9 v pra\u017esk\u00e9m N\u00e1rodn\u00edm divadle. Pr\u00e1v\u011b na p\u00f3diu N\u00e1rodn\u00edho divadla v Praze v inscenaci \u010cajkovsk\u00e9ho \u201eJolanty\u201c potkala kr\u00e1sn\u00e1 Veronika Eduarda Martynyuka. <br \/>Eduard Martynyuk je s\u00f3listou Velk\u00e9ho divadla v Moskv\u011b a Velk\u00e9ho divadla opery a baletu v Minsku, zp\u00edv\u00e1 v n\u011bmeck\u00e9m Erfurtu, v lo\u0148sk\u00e9m roce debutoval na slavn\u00e9m Salzburger Festspiele v Rakousku. <br \/>Galakoncert p\u0159edstavuje zcela mimo\u0159\u00e1dnou mo\u017enost vid\u011bt a sly\u0161et to nejlep\u0161\u00ed ze sv\u011btov\u00e9 opern\u00ed sc\u00e9ny v pod\u00e1n\u00ed skute\u010dn\u00fdch mistr\u016f sv\u00e9ho oboru. Nechte se i vy vt\u00e1hnout do magick\u00e9ho sv\u011bta hudby a p\u0159ij\u010fte ochutnat kouzlo podmaniv\u00fdch t\u00f3n\u016f. Vstupenky na p\u0159edstaven\u00ed je mo\u017en\u00e9 si zajistit ji\u017e nyn\u00ed, a to jednodu\u0161e prost\u0159ednictv\u00edm online rezervace.<\/p>\n<p>https:\/\/youtu.be\/RBG3N0G5IbM\t\t<\/p>\n<h5>Opern\u00ed Galakoncert.<br \/>\nPerly sv\u011btov\u00e9 opery v Rudolfinu.<br \/>\nG. Verdi, G. Puccini, P. Mascagni, G. Bizet.<\/h5>\n<p>PRAHA, RUDOLFINUM<br \/>05.02.2019 &#8211; 19:30<\/p>\n<p>\t\t\t<a href=\"https:\/\/www.colosseumticket.cz\/cs\/akce\/312093-operni-galakoncert\" rel=\"nofollow\" role=\"button\"><br \/>\n\t\t\t\t\t\tVSTUPENKY<br \/>\n\t\t\t\t\t<\/a><\/p>\n<h2>Veronika Dzhioeva \u2013 v\u00fdchodn\u00ed perla v \u010cech\u00e1ch<\/h2>\n<p style=\"margin-bottom: 0cm;\">Sopranistka Veronika Dzhioeva se \u010desk\u00e9mu publiku ve sv\u011btlech reflektor\u016f nep\u0159edstav\u00ed poprv\u00e9. P\u0159\u00edznivci opery ji u\u017e mohli vid\u011bt v p\u0159edstaven\u00ed Jolanta, v\u00fdpravn\u00e9 mini-ope\u0159e Petra Ilji\u010de \u010cajkovsk\u00e9ho, kter\u00e1 byla uvedena na prknech N\u00e1rodn\u00edho divadla. Svou \u010deskou koncertn\u00ed premi\u00e9ru zp\u011bva\u010dka absolvovala v Rudolfinu v roce 2014 koncertem s\u00f3list\u016f moskevsk\u00e9ho Velk\u00e9ho divadla.<br \/>Veronika Dzhioeva v sou\u010dasn\u00e9 dob\u011b zp\u00edv\u00e1 na sc\u00e9n\u011b N\u00e1rodn\u00edho divadla v p\u0159edstaven\u00ed Ma\u0161karn\u00ed ples, kde se ujala role Am\u00e9lie, a to pod taktovkou hudebn\u00edho \u0159editele Opery N\u00e1rodn\u00edho divadla Jaroslava Kyzlinka. P\u0159\u00edtomnost hv\u011bzdy sv\u011btov\u00e9 opern\u00ed sc\u00e9ny ve Zlat\u00e9 kapli\u010dce nen\u00ed d\u00edlem n\u00e1hody, nebo\u0165 sv\u016fj druh\u00fd domov na\u0161la hrd\u00e1 dr\u017eitelka presti\u017en\u00edho ocen\u011bn\u00ed Zlat\u00e1 maska p\u0159ed n\u011bkolika lety pr\u00e1v\u011b v Praze. <br \/>Veronika Dzhioeva pat\u0159\u00ed mezi m\u00fazy p\u0159edn\u00edch dirigent\u016f a ve sv\u00e9 kari\u00e9\u0159e spolupracovala s Valerijem Gergijevem, Marissem Jansonsem, Trevorem Pinnockem a mnoha dal\u0161\u00edmi zvu\u010dn\u00fdmi jm\u00e9ny. Spolupracuje se sv\u011btov\u00fdmi opern\u00edmi domy, jako je Teatro Massimo v Palermu, Finnish National Opera, Teatro Real v Madridu, Grand Th\u00e9\u00e2tre de Luxembourg, St\u00e1tn\u00ed opera v Hamburku, Grand Th\u00e9\u00e2tre de Gen\u00e8ve a mnoha dal\u0161\u00edmi. V rozs\u00e1hl\u00e9m reperto\u00e1ru m\u00e1 mimo jin\u00fdch rol\u00ed i \u0161vadlenu Mimi v Boh\u00e9m\u011b Giacoma Pucciniho nebo lady Macbeth ve Verdiho Macbethovi. V ji\u017e zm\u00edn\u011bn\u00e9 Jolant\u011b se tak\u00e9 poprv\u00e9 profesn\u011b setkala se sv\u00fdm kolegou, se kter\u00fdm vystoup\u00ed i nyn\u00ed v Rudolfinu.<br \/>Ve sv\u00e9 p\u016fvodn\u00ed domovin\u011b zp\u00edv\u00e1 z\u00e1rove\u0148 ve t\u0159ech hlavn\u00edch hudebn\u00edch divadlech Ruska: Velk\u00e9ho divadla v Moskv\u011b, Mariinsk\u00e9ho divadla v Sankt Petersburgu a je rovn\u011b\u017e s\u00f3listkou Novosibirsk\u00e9ho divadla opery a baletu. <br \/>Veronika vystupuje pravideln\u011b v Evrop\u011b, USA i v Asii, jak v opern\u00edch domech, tak na koncertn\u00edch p\u00f3di\u00edch, zp\u00edvala za doprovodu Royal Concertgebouw Orchestra, Orchestre National de Lille, Philharmonie de Paris, Kr\u00e1lovsk\u00e9 filharmonie Stockholm, Lond\u00fdnsk\u00e9ho symfonick\u00e9ho orchestru.<\/p>\n<h2>Opern\u00ed chameleon Eduard Martynyuk<\/h2>\n<p>Ukrajinsk\u00fd tenorista Eduard Martynyuk se se ct\u00ed ujal role d\u016fstojn\u00edka He\u0159mana v Pikov\u00e9 d\u00e1m\u011b, kter\u00e1 se v netradi\u010dn\u011b retrospektivn\u00edm h\u00e1vu p\u0159edstavila v \u00fanoru 2018 v brn\u011bnsk\u00e9m Mahenov\u011b divadle. P\u0159edstaven\u00ed se do moravsk\u00e9 metropole vr\u00e1tilo po v\u00edce ne\u017e p\u011bti des\u00edtk\u00e1ch let a znovu otev\u0159elo hlubokou a nad\u010dasovou sondu do mezilidsk\u00fdch vztah\u016f. Zde podal v technicky n\u00e1ro\u010dn\u00e9 postav\u011b Martynyuk velmi propracovan\u00fd v\u00fdkon.<br \/>S\u00f3lista N\u00e1rodn\u00edho divadla B\u011bloruska a Velk\u00e9ho divadla v\u00a0Moskv\u011b ji\u017e He\u0159mana ztv\u00e1rnil nap\u0159\u00edklad i v Budape\u0161ti nebo v Curychu.<br \/>Nem\u00e9n\u011b excelentn\u00ed v\u00fdkon p\u0159edvedl Eduard Martynyuk tak\u00e9 v roli Dona Jos\u00e9ho v\u00a0Bizetov\u011b ope\u0159e Carmen. Pr\u00e1v\u011b ta byla dal\u0161\u00ed p\u0159\u00edle\u017eitost\u00ed pro tuzemsk\u00e9 poslucha\u010de, aby si mohli vychutnat tohoto fenomen\u00e1ln\u00edho p\u011bvce p\u0159\u00edmo na dom\u00e1c\u00ed sc\u00e9n\u011b. Carmen se s velk\u00fdmi \u00fasp\u011bchy hr\u00e1la takt\u00e9\u017e v N\u00e1rodn\u00edm divadle, kde Eduard sklidil zcela nepochybn\u011b zaslou\u017een\u00e9 ovace. S Ukrajinskou n\u00e1rodn\u00ed operou v t\u00e9to roli absolvoval dokonce turn\u00e9 po Japonsku. P\u0159esv\u011bd\u010dit se tak o schopnostech tohoto tenora mohli mimo jin\u00e9 i poslucha\u010di v zemi vych\u00e1zej\u00edc\u00edho slunce.<br \/>Eduard Martynyuk vystupuje pravideln\u011b na evropsk\u00fdch opern\u00edch a koncertn\u00edch p\u00f3di\u00edch, vloni se p\u0159edstavil i na slavn\u00e9m Salzburger Festspiele v Rakousku.<\/p>\n<p><!-- V\u00fdjime\u010dn\u00e1 opern\u00ed zima v Praze\nNa poslucha\u010de proto v Rudolfinu \u010dek\u00e1 jedine\u010dn\u00fd z\u00e1\u017eitek plynouc\u00ed ze spojen\u00ed dvou unik\u00e1tn\u00edch hlas\u016f a dvou univerz\u00e1ln\u00edch p\u011bveck\u00fdch osobnost\u00ed s dlouhou zku\u0161enost\u00ed z koncertn\u00edch p\u00f3di\u00ed, a to na mezin\u00e1rodn\u00ed \u00farovni. Galakoncert p\u0159edstavuje zcela mimo\u0159\u00e1dnou mo\u017enost vid\u011bt a sly\u0161et to nejlep\u0161\u00ed ze sv\u011btov\u00e9 opern\u00ed sc\u00e9ny v pod\u00e1n\u00ed skute\u010dn\u00fdch mistr\u016f sv\u00e9ho oboru.\u00a0\nNechte se i vy vt\u00e1hnout do magick\u00e9ho sv\u011bta hudby a p\u0159ij\u010fte ochutnat kouzlo podmaniv\u00fdch t\u00f3n\u016f. Vstupenky na p\u0159edstaven\u00ed je mo\u017en\u00e9 si zajistit ji\u017e nyn\u00ed, a to jednodu\u0161e prost\u0159ednictv\u00edm online rezervace. -->\t\t<\/p>\n<h5>Opern\u00ed Galakoncert.<br \/>\nPerly sv\u011btov\u00e9 opery v Rudolfinu.<br \/>\nG. Verdi, G. Puccini, P. Mascagni, G. Bizet.<\/h5>\n<p>PRAHA, RUDOLFINUM &#8211; 05.02.2019 &#8211; 19:30<\/p>\n<p><a href=\"https:\/\/orchestras.eu\/cz\/vstupenky\/\"><strong>VSTUPENKY<\/strong><\/a><\/p>\n","protected":false},"excerpt":{"rendered":"<p>Opern\u00ed Galakoncert. Perly sv\u011btov\u00e9 opery v Rudolfinu. G. Verdi, G. Puccini, P. Mascagni, G. Bizet. PRAHA, RUDOLFINUM &#8211; 05.02.2019 &#8211;<\/p>\n","protected":false},"author":1,"featured_media":0,"parent":0,"menu_order":0,"comment_status":"closed","ping_status":"closed","template":"","meta":{"colormag_page_container_layout":"no_sidebar_full_width","colormag_page_sidebar_layout":"no_sidebar","footnotes":""},"class_list":["post-460","page","type-page","status-publish","hentry"],"_links":{"self":[{"href":"https:\/\/orchestras.eu\/cz\/wp-json\/wp\/v2\/pages\/460","targetHints":{"allow":["GET"]}}],"collection":[{"href":"https:\/\/orchestras.eu\/cz\/wp-json\/wp\/v2\/pages"}],"about":[{"href":"https:\/\/orchestras.eu\/cz\/wp-json\/wp\/v2\/types\/page"}],"author":[{"embeddable":true,"href":"https:\/\/orchestras.eu\/cz\/wp-json\/wp\/v2\/users\/1"}],"replies":[{"embeddable":true,"href":"https:\/\/orchestras.eu\/cz\/wp-json\/wp\/v2\/comments?post=460"}],"version-history":[{"count":128,"href":"https:\/\/orchestras.eu\/cz\/wp-json\/wp\/v2\/pages\/460\/revisions"}],"predecessor-version":[{"id":1044,"href":"https:\/\/orchestras.eu\/cz\/wp-json\/wp\/v2\/pages\/460\/revisions\/1044"}],"wp:attachment":[{"href":"https:\/\/orchestras.eu\/cz\/wp-json\/wp\/v2\/media?parent=460"}],"curies":[{"name":"wp","href":"https:\/\/api.w.org\/{rel}","templated":true}]}}